{"id":9232,"date":"2023-05-29T09:29:05","date_gmt":"2023-05-29T07:29:05","guid":{"rendered":"http:\/\/www.camping-canoe.fr\/les-hebergements\/mobile-home-6-pers\/"},"modified":"2024-04-17T09:53:13","modified_gmt":"2024-04-17T07:53:13","slug":"3-schlafzimmer-mobilheim-les-gorges-du-tarn","status":"publish","type":"page","link":"https:\/\/www.camping-canoe.fr\/de\/unterkuenfte\/3-schlafzimmer-mobilheim-les-gorges-du-tarn\/","title":{"rendered":"3-Schlafzimmer-Mobilheim &#8222;Les Gorges du Tarn&#8220;"},"content":{"rendered":"\n<div class=\"wp-block-group alignfull is-layout-constrained wp-block-group-is-layout-constrained\" style=\"margin-top:0px;margin-bottom:0px\">\n<div class=\"wp-block-cover alignfull is-light banner-top\" style=\"margin-top:0px;margin-bottom:0px;min-height:90vh;aspect-ratio:unset;\"><span aria-hidden=\"true\" class=\"wp-block-cover__background has-background-dim-0 has-background-dim\"><\/span><img loading=\"lazy\" decoding=\"async\" width=\"1474\" height=\"2208\" class=\"wp-block-cover__image-background wp-image-8988\" alt=\"\" src=\"https:\/\/www.camping-canoe.fr\/wp-content\/uploads\/gorgesdutarnsdb.jpg\" data-object-fit=\"cover\" srcset=\"https:\/\/www.camping-canoe.fr\/wp-content\/uploads\/gorgesdutarnsdb.jpg 1474w, https:\/\/www.camping-canoe.fr\/wp-content\/uploads\/gorgesdutarnsdb-684x1024.jpg 684w, https:\/\/www.camping-canoe.fr\/wp-content\/uploads\/gorgesdutarnsdb-1367x2048.jpg 1367w, https:\/\/www.camping-canoe.fr\/wp-content\/uploads\/gorgesdutarnsdb-768x1150.jpg 768w, https:\/\/www.camping-canoe.fr\/wp-content\/uploads\/gorgesdutarnsdb-1025x1536.jpg 1025w, https:\/\/www.camping-canoe.fr\/wp-content\/uploads\/gorgesdutarnsdb-342x512.jpg 342w, https:\/\/www.camping-canoe.fr\/wp-content\/uploads\/gorgesdutarnsdb-171x256.jpg 171w\" sizes=\"auto, (max-width: 1474px) 100vw, 1474px\" \/><div class=\"wp-block-cover__inner-container is-layout-flow wp-block-cover-is-layout-flow\">\n<div class=\"wp-block-group title-banner animation--init--once animation--top is-layout-constrained wp-block-group-is-layout-constrained\">\n<h1 class=\"wp-block-heading has-text-align-center has-large-font-size\">VERBLEIBEN SIE IN IHREM MOBILHEIM &#8222;LES GORGES DU TARN&#8220; IN AVEYRON<\/h1>\n\n\n<div class=\"yoast-breadcrumbs breadcrumbs-site\"><span><span><a href=\"https:\/\/www.camping-canoe.fr\/de\/\">Startseite<\/a><\/span> <i class=\"fa-solid fa-angle-right\"><\/i> <span><a href=\"https:\/\/www.camping-canoe.fr\/de\/unterkuenfte\/\">Unterk\u00fcnfte<\/a><\/span> <i class=\"fa-solid fa-angle-right\"><\/i> <span class=\"breadcrumb_last\" aria-current=\"page\"><strong>3-Schlafzimmer-Mobilheim \u00ab\u00a0Les Gorges du Tarn\u00a0\u00bb<\/strong><\/span><\/span><\/div><\/div>\n<\/div><\/div>\n<\/div>\n\n\n\n<div class=\"wp-block-group alignfull motor-margin is-layout-constrained wp-block-group-is-layout-constrained\">\n<div class=\"wp-block-group motor-thelis is-layout-constrained wp-block-group-is-layout-constrained\">\n<section class=\"formulaire-de-recherche-bar\">\r\n            <div id=\"expand-thelis-formulaire\">Buchen<\/div>\r\n            <div class=\"container-form\"><thr-search-engine><\/thr-search-engine><a id=\"pay-btn-2\" onclick=\"window.open('https:\/\/thelisresa.webcamp.fr\/cart-directPayment.php?camping=peupliers12&amp;lang=de');\"><i><\/i>Ihren Aufenthalt<\/a>\r\n            <style>\r\n            \r\n            .thr-search-engine .thr-search-engine-main > .thr-btn-search { max-width: 20% !important; }\r\n            .thr .btn i { margin-right: 0 !important; }\r\n            #pay-btn-2 { \r\n                position: absolute;\r\n                right: 0;top: 0;\r\n                margin: 10px;\r\n                border: 0;\r\n                background-color: ;\r\n                color: ;\r\n                cursor: pointer;\r\n                width: calc(17% - 5px);\r\n                padding: 17px 0;\r\n                font-size: 18px;\r\n                font-weight: bold;\r\n                text-transform: auto;\r\n                transition: all .35s;\r\n                display: flex;justify-content: center;\r\n                align-items: center;\r\n            }\r\n            #pay-btn-2 i {\r\n                display: inline-flex;\r\n                width:18px;height:18px;\r\n                margin-right: 5px;\r\n                background-image: url('data:image\/svg+xml;utf8,<?xml version=\"1.0\" encoding=\"utf-8\"?><svg width=\"1792\" height=\"1792\" viewBox=\"0 0 1792 1792\" xmlns=\"http:\/\/www.w3.org\/2000\/svg\"><path d=\"M704 1536q0 52-38 90t-90 38-90-38-38-90 38-90 90-38 90 38 38 90zm896 0q0 52-38 90t-90 38-90-38-38-90 38-90 90-38 90 38 38 90zm128-1088v512q0 24-16.5 42.5t-40.5 21.5l-1044 122q13 60 13 70 0 16-24 64h920q26 0 45 19t19 45-19 45-45 19h-1024q-26 0-45-19t-19-45q0-11 8-31.5t16-36 21.5-40 15.5-29.5l-177-823h-204q-26 0-45-19t-19-45 19-45 45-19h256q16 0 28.5 6.5t19.5 15.5 13 24.5 8 26 5.5 29.5 4.5 26h1201q26 0 45 19t19 45z\" fill=\"rgba(255,255,255,1)\" \/><\/svg>');\r\n                background-size: cover;background-position: center center;background-repeat: no-repeat;\r\n            }\r\n            #pay-btn-2:hover { background-color: ; }\r\n            .thr-search-engine { width: 83%; }\r\n\r\n            @media screen and (max-width: 1024px) {\r\n                #pay-btn-2 { top: 52px; }\r\n                .thr-search-engine .thr-search-engine-main > .thr-btn-search { max-width: inherit !important; }\r\n            }\r\n            @media screen and (max-width: 990px) {\r\n                .thr-search-engine { width: 100%; }\r\n                #pay-btn-2 { position: relative;width: calc(100% - 20px);top: auto;margin-top: 0; }\r\n            }\r\n\r\n            thr-search-engine { border-right: 200px rgba(0,0,0,0) solid;display: block; }\r\n            @media screen and (max-width: 1024px) {\r\n                thr-search-engine { border-right: inherit;display: inherit; }\r\n            }\r\n            <\/style>\r\n            <\/div><\/section><!-- .formulaire-de-recherche-bar --><style>\r\n        #expand-thelis-formulaire { display: none; }\r\n        @media screen and (max-width: 1024px) {\r\n            #expand-thelis-formulaire { display: block; }\r\n            .formulaire-de-recherche-bar .container-form { display: none; }\r\n        }\r\n    <\/style><script>\r\n    jQuery(document).ready(function($){\r\n        jQuery('#expand-thelis-formulaire').click(function(){\r\n            if(\r\n                jQuery('.formulaire-de-recherche-bar .container-form').css('display') == 'none'\r\n            ){\r\n                jQuery('.formulaire-de-recherche-bar .container-form').css('display', 'block');\r\n                jQuery('#expand-thelis-formulaire').addClass('expanded');\r\n            }else{\r\n                jQuery('.formulaire-de-recherche-bar .container-form').css('display', 'none');\r\n                jQuery('#expand-thelis-formulaire').removeClass('expanded');\r\n            }\r\n        });\r\n    });\r\n    <\/script>\n<\/div>\n<\/div>\n\n\n\n<div class=\"wp-block-group alignfull animation--init--once animation--top is-layout-constrained wp-block-group-is-layout-constrained\" style=\"margin-top:50px;margin-bottom:50px\">\n<div class=\"wp-block-group is-layout-constrained wp-block-group-is-layout-constrained\">\n<h2 class=\"wp-block-heading has-text-align-center has-h-1-font-size\"><sup><mark style=\"background-color:rgba(0, 0, 0, 0)\" class=\"has-inline-color has-theme-yellow-color\">Unsere Unterkunft<\/mark><\/sup>  <br><mark style=\"background-color:rgba(0, 0, 0, 0)\" class=\"has-inline-color has-theme-brown-color\">MIETEN SIE IHR 3-SCHLAFZIMMER MOBILHEIM MIT KLIMAANLAGE UND SP\u00dcLMASCHINE &#8222;LES GORGES DU TARN&#8220; IN AVEYRON<\/mark><\/h2>\n\n\n\n<figure class=\"wp-block-image aligncenter size-large is-style-no-margin wp-duotone-fcb900-fff-2\"><img loading=\"lazy\" decoding=\"async\" width=\"24\" height=\"24\" src=\"https:\/\/www.camping-canoe.fr\/wp-content\/uploads\/ola.svg\" alt=\"\" class=\"wp-image-7945\"\/><\/figure>\n<\/div>\n\n\n<div class=\"wp-block-iconos-alojamientos items-destac\">\n\n<div style=\"\">\n\n    \n\n            <ul class=\"list-iconos-border\">\n                                            <li class=\"wp-block-column destacado-class\">\n                                                                <figure>\n                            <img decoding=\"async\" src=\"https:\/\/www.camping-canoe.fr\/wp-content\/uploads\/capaciada.svg\" alt=\"\" \/>\n                        <\/figure>\n                                        <p>6 PERS <span><\/span><\/p>                    \n                <\/li>\n                                                            <li class=\"wp-block-column destacado-class\">\n                                                                <figure>\n                            <img decoding=\"async\" src=\"https:\/\/www.camping-canoe.fr\/wp-content\/uploads\/cama.svg\" alt=\"\" \/>\n                        <\/figure>\n                                        <p>3 SCHLAFZIMMER <span><\/span><\/p>                    \n                <\/li>\n                                                            <li class=\"wp-block-column destacado-class\">\n                                                                <figure>\n                            <img decoding=\"async\" src=\"https:\/\/www.camping-canoe.fr\/wp-content\/uploads\/tamano.svg\" alt=\"\" \/>\n                        <\/figure>\n                                        <p>36 M\u00b2 <span><\/span><\/p>                    \n                <\/li>\n                                                            <li class=\"wp-block-column destacado-class\">\n                                                                <figure>\n                            <img decoding=\"async\" src=\"https:\/\/www.camping-canoe.fr\/wp-content\/uploads\/ducha.svg\" alt=\"\" \/>\n                        <\/figure>\n                                        <p>1 BZ. <span><\/span><\/p>                    \n                <\/li>\n                                                            <li class=\"wp-block-column destacado-class\">\n                                                                <figure>\n                            <img decoding=\"async\" src=\"https:\/\/www.camping-canoe.fr\/wp-content\/uploads\/clima.svg\" alt=\"\" \/>\n                        <\/figure>\n                                        <p>Klimaanlage <span><\/span><\/p>                    \n                <\/li>\n                                                            <li class=\"wp-block-column destacado-class\">\n                                                                <figure>\n                            <img decoding=\"async\" src=\"https:\/\/www.camping-canoe.fr\/wp-content\/uploads\/lavavajillas.svg\" alt=\"\" \/>\n                        <\/figure>\n                                        <p>Geschirrsp\u00fcler <span><\/span><\/p>                    \n                <\/li>\n                                    <\/ul>\n    \n\n<\/div>\n<\/div>\n\n<\/div>\n\n\n\n<div class=\"wp-block-group alignwide galerie-location-single animation--init--once animation--top is-layout-constrained wp-block-group-is-layout-constrained\" style=\"margin-top:50px;margin-bottom:50px\">\n<div class=\"wp-image-slider galerie-location alignwide has-text-align-left aspect-ratio-3_2\">\n\n                        \n                                \n                    <script>\n                        'use strict';\n\n                        document.addEventListener('DOMContentLoaded', function () {\n\n                            (function() {\n                                const blockSlide = new Splide( '#slide_982', {\n                                    type : 'loop',\n                                    perPage: 1,\n                                                                        \n                                    breakpoints: {\n                                        800: {\n                                            perPage: 1,\n                                                                                    },\n                                        450: {\n                                            perPage: 1,\n                                            \n                                        },\n                                    },\n                                    pagination: false,\n                                    arrows: true,\n                                    gap: 'var(--wp--style--block-gap)',\n                                    i18n: {\n                                        slideLabel: '0%s \/ 0%s',\n                                    }\n                                } );\n                                \n                                blockSlide.mount();\n                            })();\n                        })\n                    <\/script>\n\n                    <div class=\"slider-container\"><div class=\"splide galeria-slider galeria-columnas-1\" id=\"slide_982\"><div class=\"splide__track\"><div class=\"splide__list\"><a href=\"https:\/\/www.camping-canoe.fr\/wp-content\/uploads\/gorgesdutarnchambre-enfants-scaled.jpg\" id=\"thumb-8985\" class=\"splide__slide image-link\" data-gallery=\"slide_982\"  data-counter=\"01\/04\" alt=\" \" class=\"image-link\"><div class=\"image-wrapper\"><img loading=\"lazy\" decoding=\"async\" width=\"1536\" height=\"1181\" src=\"https:\/\/www.camping-canoe.fr\/wp-content\/uploads\/gorgesdutarnchambre-enfants-1536x1181.jpg\" class=\"attachment-gallery-large size-gallery-large\" alt=\"\" srcset=\"https:\/\/www.camping-canoe.fr\/wp-content\/uploads\/gorgesdutarnchambre-enfants-1536x1181.jpg 1536w, https:\/\/www.camping-canoe.fr\/wp-content\/uploads\/gorgesdutarnchambre-enfants-1024x787.jpg 1024w, https:\/\/www.camping-canoe.fr\/wp-content\/uploads\/gorgesdutarnchambre-enfants-2048x1575.jpg 2048w, https:\/\/www.camping-canoe.fr\/wp-content\/uploads\/gorgesdutarnchambre-enfants-768x590.jpg 768w, https:\/\/www.camping-canoe.fr\/wp-content\/uploads\/gorgesdutarnchambre-enfants-512x394.jpg 512w, https:\/\/www.camping-canoe.fr\/wp-content\/uploads\/gorgesdutarnchambre-enfants-256x197.jpg 256w\" sizes=\"auto, (max-width: 1536px) 100vw, 1536px\" \/><\/div><\/a><a href=\"https:\/\/www.camping-canoe.fr\/wp-content\/uploads\/gorgesdutarnchambreparents.jpg\" id=\"thumb-8986\" class=\"splide__slide image-link\" data-gallery=\"slide_982\"  data-counter=\"02\/04\" alt=\" \" class=\"image-link\"><div class=\"image-wrapper\"><img loading=\"lazy\" decoding=\"async\" width=\"1536\" height=\"1025\" src=\"https:\/\/www.camping-canoe.fr\/wp-content\/uploads\/gorgesdutarnchambreparents-1536x1025.jpg\" class=\"attachment-gallery-large size-gallery-large\" alt=\"\" srcset=\"https:\/\/www.camping-canoe.fr\/wp-content\/uploads\/gorgesdutarnchambreparents-1536x1025.jpg 1536w, https:\/\/www.camping-canoe.fr\/wp-content\/uploads\/gorgesdutarnchambreparents-1024x683.jpg 1024w, https:\/\/www.camping-canoe.fr\/wp-content\/uploads\/gorgesdutarnchambreparents-768x513.jpg 768w, https:\/\/www.camping-canoe.fr\/wp-content\/uploads\/gorgesdutarnchambreparents-512x342.jpg 512w, https:\/\/www.camping-canoe.fr\/wp-content\/uploads\/gorgesdutarnchambreparents-256x171.jpg 256w, https:\/\/www.camping-canoe.fr\/wp-content\/uploads\/gorgesdutarnchambreparents.jpg 1900w\" sizes=\"auto, (max-width: 1536px) 100vw, 1536px\" \/><\/div><\/a><a href=\"https:\/\/www.camping-canoe.fr\/wp-content\/uploads\/gorgesdutarnsalon-scaled.jpg\" id=\"thumb-8987\" class=\"splide__slide image-link\" data-gallery=\"slide_982\"  data-counter=\"03\/04\" alt=\" \" class=\"image-link\"><div class=\"image-wrapper\"><img loading=\"lazy\" decoding=\"async\" width=\"1536\" height=\"1025\" src=\"https:\/\/www.camping-canoe.fr\/wp-content\/uploads\/gorgesdutarnsalon-1536x1025.jpg\" class=\"attachment-gallery-large size-gallery-large\" alt=\"\" srcset=\"https:\/\/www.camping-canoe.fr\/wp-content\/uploads\/gorgesdutarnsalon-1536x1025.jpg 1536w, https:\/\/www.camping-canoe.fr\/wp-content\/uploads\/gorgesdutarnsalon-1024x683.jpg 1024w, https:\/\/www.camping-canoe.fr\/wp-content\/uploads\/gorgesdutarnsalon-2048x1367.jpg 2048w, https:\/\/www.camping-canoe.fr\/wp-content\/uploads\/gorgesdutarnsalon-768x513.jpg 768w, https:\/\/www.camping-canoe.fr\/wp-content\/uploads\/gorgesdutarnsalon-512x342.jpg 512w, https:\/\/www.camping-canoe.fr\/wp-content\/uploads\/gorgesdutarnsalon-256x171.jpg 256w\" sizes=\"auto, (max-width: 1536px) 100vw, 1536px\" \/><\/div><\/a><a href=\"https:\/\/www.camping-canoe.fr\/wp-content\/uploads\/gorgesdutarnsdb.jpg\" id=\"thumb-8988\" class=\"splide__slide image-link\" data-gallery=\"slide_982\"  data-counter=\"04\/04\" alt=\" \" class=\"image-link\"><div class=\"image-wrapper\"><img loading=\"lazy\" decoding=\"async\" width=\"1025\" height=\"1536\" src=\"https:\/\/www.camping-canoe.fr\/wp-content\/uploads\/gorgesdutarnsdb-1025x1536.jpg\" class=\"attachment-gallery-large size-gallery-large\" alt=\"\" srcset=\"https:\/\/www.camping-canoe.fr\/wp-content\/uploads\/gorgesdutarnsdb-1025x1536.jpg 1025w, https:\/\/www.camping-canoe.fr\/wp-content\/uploads\/gorgesdutarnsdb-684x1024.jpg 684w, https:\/\/www.camping-canoe.fr\/wp-content\/uploads\/gorgesdutarnsdb-1367x2048.jpg 1367w, https:\/\/www.camping-canoe.fr\/wp-content\/uploads\/gorgesdutarnsdb-768x1150.jpg 768w, https:\/\/www.camping-canoe.fr\/wp-content\/uploads\/gorgesdutarnsdb-342x512.jpg 342w, https:\/\/www.camping-canoe.fr\/wp-content\/uploads\/gorgesdutarnsdb-171x256.jpg 171w, https:\/\/www.camping-canoe.fr\/wp-content\/uploads\/gorgesdutarnsdb.jpg 1474w\" sizes=\"auto, (max-width: 1025px) 100vw, 1025px\" \/><\/div><\/a><\/div><\/div><\/div><\/div>\n                    \n<\/div>\n\n\n<div class=\"wp-block-group galerie-location-text animation--init--once animation--left is-layout-constrained wp-block-group-is-layout-constrained\">\n<h2 class=\"wp-block-heading\"><sup><mark style=\"background-color:rgba(0, 0, 0, 0)\" class=\"has-inline-color has-theme-green-color\">Beschreibung<\/mark><\/sup> <br><mark style=\"background-color:rgba(0, 0, 0, 0)\" class=\"has-inline-color has-theme-brown-color\">WAS ES ZU WISSEN GIBT<\/mark><\/h2>\n\n\n\n<figure class=\"wp-block-image size-large is-style-no-margin wp-duotone-848c2f-fff-3\"><img loading=\"lazy\" decoding=\"async\" width=\"24\" height=\"24\" src=\"https:\/\/www.camping-canoe.fr\/wp-content\/uploads\/ola.svg\" alt=\"\" class=\"wp-image-7945\"\/><\/figure>\n\n\n\n<p>Diese klimatisierten Mobilheime verf\u00fcgen \u00fcber 3 Schlafzimmer, eines mit einem Doppelbett (140 cm), eines mit 2 Einzelbetten (90 cm) und eines mit 2 Einzelbetten (80 cm) (manchmal Etagenbetten und nur f\u00fcr Kinder). Der zentrale Raum, mit einem echten kleinen Wohnzimmer inklusive Fernseher und Essbereich, ist vom K\u00fcchenbereich getrennt, der mit einem K\u00fchlschrank mit Gefrierfach, einer Sp\u00fclmaschine ausgestattet ist und direkt auf die Terrasse f\u00fchrt. Ein Badezimmer mit Dusche und eine Toilette sind vorhanden. Die Terrasse erweitert den Wohnbereich, ist mit einer Pergola \u00fcberdacht und bietet Liegest\u00fchle und einen Gasgrill.<\/p>\n\n\n\n<div class=\"wp-block-buttons is-layout-flex wp-block-buttons-is-layout-flex\">\n<div class=\"wp-block-button\"><a class=\"wp-block-button__link wp-element-button\" href=\"https:\/\/www.camping-canoe.fr\/wp-content\/uploads\/inventaire-gorges-du-tarn.pdf\" target=\"_blank\" rel=\"noreferrer noopener\">Inventar<\/a><\/div>\n<\/div>\n<\/div>\n<\/div>\n\n\n\n<div class=\"wp-block-group alignwide animation--init--once animation--top is-layout-constrained wp-block-group-is-layout-constrained\">\n<h2 class=\"wp-block-heading has-text-align-center\"><sup><mark style=\"background-color:rgba(0, 0, 0, 0)\" class=\"has-inline-color has-theme-yellow-color\">AUFENTHALT BUCHEN<\/mark><\/sup>  <br><mark style=\"background-color:rgba(0, 0, 0, 0)\" class=\"has-inline-color has-theme-brown-color\">PREISE UND VERF\u00dcGBARKEIT<\/mark><\/h2>\n\n\n\n<figure class=\"wp-block-image aligncenter size-large is-style-no-margin wp-duotone-fcb900-fff-4\"><img loading=\"lazy\" decoding=\"async\" width=\"24\" height=\"24\" src=\"https:\/\/www.camping-canoe.fr\/wp-content\/uploads\/ola.svg\" alt=\"\" class=\"wp-image-7945\"\/><\/figure>\n\n\n\n<div id=\"tarifs\" class=\"wp-block-group is-layout-constrained wp-block-group-is-layout-constrained\" style=\"margin-top:50px;margin-bottom:20px\"><thr-simpleblock categories=\"[1,13]\" search-type=\"1\" show-picture=\"true\" one-mode=\"2\"><\/thr-simpleblock>\n<\/div>\n<\/div>\n\n\n\n<div class=\"wp-block-group alignwide accueil-plus animation--init--once animation--top has-theme-yellow-clair-background-color has-background is-layout-constrained wp-block-group-is-layout-constrained\">\n<div class=\"wp-block-group is-layout-constrained wp-block-group-is-layout-constrained\">\n<h2 class=\"wp-block-heading has-text-align-left\"><mark style=\"background-color:rgba(0, 0, 0, 0)\" class=\"has-inline-color has-theme-brown-color\">DIE VORTEILE DES MOBILHEIMS<\/mark><\/h2>\n\n\n\n<figure class=\"wp-block-image size-large is-style-no-margin wp-duotone-fcb900-fff-5\"><img loading=\"lazy\" decoding=\"async\" width=\"24\" height=\"24\" src=\"https:\/\/www.camping-canoe.fr\/wp-content\/uploads\/ola.svg\" alt=\"\" class=\"wp-image-7945\"\/><\/figure>\n\n\n\n<div class=\"wp-block-columns is-layout-flex wp-container-core-columns-is-layout-5 wp-block-columns-is-layout-flex\">\n<div class=\"wp-block-column prest-incl is-layout-flow wp-block-column-is-layout-flow\" style=\"flex-basis:80%\">\n<p>Inklusivleistungen<\/p>\n\n\n\n<div class=\"wp-block-group is-layout-constrained wp-block-group-is-layout-constrained\" style=\"margin-top:40px;margin-bottom:40px\">\n<div class=\"wp-block-columns column-presta is-layout-flex wp-container-core-columns-is-layout-1 wp-block-columns-is-layout-flex\">\n<div class=\"wp-block-column is-layout-flow wp-block-column-is-layout-flow\" style=\"flex-basis:20%\">\n<div class=\"wp-block-group items-presta is-vertical is-content-justification-center is-layout-flex wp-container-core-group-is-layout-11 wp-block-group-is-layout-flex\">\n<figure class=\"wp-block-image size-large wp-duotone-fcb900-fff-6\"><img loading=\"lazy\" decoding=\"async\" width=\"24\" height=\"24\" src=\"https:\/\/www.camping-canoe.fr\/wp-content\/uploads\/clima.svg\" alt=\"\" class=\"wp-image-7926\"\/><\/figure>\n\n\n\n<p class=\"is-style-no-margin\">Klimaanlage<\/p>\n<\/div>\n<\/div>\n\n\n\n<div class=\"wp-block-column is-layout-flow wp-block-column-is-layout-flow\" style=\"flex-basis:20%\">\n<div class=\"wp-block-group items-presta is-vertical is-content-justification-center is-layout-flex wp-container-core-group-is-layout-12 wp-block-group-is-layout-flex\">\n<figure class=\"wp-block-image size-large wp-duotone-fcb900-fff-7\"><img loading=\"lazy\" decoding=\"async\" width=\"25\" height=\"24\" src=\"https:\/\/www.camping-canoe.fr\/wp-content\/uploads\/nevera.svg\" alt=\"\" class=\"wp-image-7937\"\/><\/figure>\n\n\n\n<p class=\"is-style-no-margin\">K\u00fchlschrank mit Gefrierfach<\/p>\n<\/div>\n<\/div>\n\n\n\n<div class=\"wp-block-column is-layout-flow wp-block-column-is-layout-flow\" style=\"flex-basis:20%\">\n<div class=\"wp-block-group items-presta is-vertical is-content-justification-center is-layout-flex wp-container-core-group-is-layout-13 wp-block-group-is-layout-flex\">\n<figure class=\"wp-block-image size-large wp-duotone-fcb900-fff-8\"><img loading=\"lazy\" decoding=\"async\" width=\"24\" height=\"24\" src=\"https:\/\/www.camping-canoe.fr\/wp-content\/uploads\/transat.svg\" alt=\"\" class=\"wp-image-7941\"\/><\/figure>\n\n\n\n<p class=\"is-style-no-margin\">Liegestuhl<\/p>\n<\/div>\n<\/div>\n\n\n\n<div class=\"wp-block-column is-layout-flow wp-block-column-is-layout-flow\" style=\"flex-basis:20%\">\n<div class=\"wp-block-group items-presta is-vertical is-content-justification-center is-layout-flex wp-container-core-group-is-layout-14 wp-block-group-is-layout-flex\">\n<figure class=\"wp-block-image size-large wp-duotone-fcb900-fff-9\"><img loading=\"lazy\" decoding=\"async\" width=\"25\" height=\"24\" src=\"https:\/\/www.camping-canoe.fr\/wp-content\/uploads\/microondas.svg\" alt=\"\" class=\"wp-image-7936\"\/><\/figure>\n\n\n\n<p class=\"is-style-no-margin\">Mikrowelle<\/p>\n<\/div>\n<\/div>\n\n\n\n<div class=\"wp-block-column is-layout-flow wp-block-column-is-layout-flow\" style=\"flex-basis:20%\">\n<div class=\"wp-block-group items-presta is-vertical is-content-justification-center is-layout-flex wp-container-core-group-is-layout-15 wp-block-group-is-layout-flex\">\n<figure class=\"wp-block-image size-large wp-duotone-fcb900-fff-10\"><img loading=\"lazy\" decoding=\"async\" width=\"24\" height=\"24\" src=\"https:\/\/www.camping-canoe.fr\/wp-content\/uploads\/couverts.svg\" alt=\"\" class=\"wp-image-7927\"\/><\/figure>\n\n\n\n<p class=\"is-style-no-margin\">Bedeckt<\/p>\n<\/div>\n<\/div>\n<\/div>\n\n\n\n<div class=\"wp-block-columns column-presta is-layout-flex wp-container-core-columns-is-layout-2 wp-block-columns-is-layout-flex\">\n<div class=\"wp-block-column is-layout-flow wp-block-column-is-layout-flow\" style=\"flex-basis:20%\">\n<div class=\"wp-block-group items-presta is-vertical is-content-justification-center is-layout-flex wp-container-core-group-is-layout-16 wp-block-group-is-layout-flex\">\n<figure class=\"wp-block-image size-large is-resized wp-duotone-fcb900-fff-11\"><img loading=\"lazy\" decoding=\"async\" width=\"24\" height=\"24\" src=\"https:\/\/www.camping-canoe.fr\/wp-content\/uploads\/lavavajillas.svg\" alt=\"\" class=\"wp-image-7933\" style=\"width:41px;height:auto\"\/><\/figure>\n\n\n\n<p class=\"is-style-no-margin\">Geschirrsp\u00fcler<\/p>\n<\/div>\n<\/div>\n\n\n\n<div class=\"wp-block-column is-layout-flow wp-block-column-is-layout-flow\" style=\"flex-basis:20%\">\n<div class=\"wp-block-group items-presta is-vertical is-content-justification-center is-layout-flex wp-container-core-group-is-layout-17 wp-block-group-is-layout-flex\">\n<figure class=\"wp-block-image size-large wp-duotone-fcb900-fff-12\"><img loading=\"lazy\" decoding=\"async\" width=\"25\" height=\"24\" src=\"https:\/\/www.camping-canoe.fr\/wp-content\/uploads\/cafetera.svg\" alt=\"\" class=\"wp-image-7923\"\/><\/figure>\n\n\n\n<p class=\"is-style-no-margin\">Kaffeemaschine<\/p>\n<\/div>\n<\/div>\n\n\n\n<div class=\"wp-block-column is-layout-flow wp-block-column-is-layout-flow\" style=\"flex-basis:20%\">\n<div class=\"wp-block-group items-presta is-vertical is-content-justification-center is-layout-flex wp-container-core-group-is-layout-18 wp-block-group-is-layout-flex\">\n<figure class=\"wp-block-image size-large wp-duotone-fcb900-fff-13\"><img loading=\"lazy\" decoding=\"async\" width=\"24\" height=\"24\" src=\"https:\/\/www.camping-canoe.fr\/wp-content\/uploads\/tv.svg\" alt=\"\" class=\"wp-image-7942\"\/><\/figure>\n\n\n\n<p class=\"is-style-no-margin\">Fernseher<\/p>\n<\/div>\n<\/div>\n\n\n\n<div class=\"wp-block-column is-layout-flow wp-block-column-is-layout-flow\" style=\"flex-basis:20%\">\n<div class=\"wp-block-group items-presta is-vertical is-content-justification-center is-layout-flex wp-container-core-group-is-layout-19 wp-block-group-is-layout-flex\">\n<figure class=\"wp-block-image size-large wp-duotone-fcb900-fff-14\"><img loading=\"lazy\" decoding=\"async\" width=\"24\" height=\"24\" src=\"https:\/\/www.camping-canoe.fr\/wp-content\/uploads\/bateria.svg\" alt=\"\" class=\"wp-image-7921\"\/><\/figure>\n\n\n\n<p class=\"is-style-no-margin\">Kochgeschirr<\/p>\n<\/div>\n<\/div>\n<\/div>\n<\/div>\n<\/div>\n\n\n\n<div class=\"wp-block-column en-options is-layout-flow wp-container-core-column-is-layout-13 wp-block-column-is-layout-flow\" style=\"flex-basis:20%\">\n<p>In Optionen<\/p>\n\n\n\n<div class=\"wp-block-group is-layout-constrained wp-block-group-is-layout-constrained\" style=\"margin-top:40px;margin-bottom:40px\">\n<div class=\"wp-block-columns column-presta is-layout-flex wp-container-core-columns-is-layout-3 wp-block-columns-is-layout-flex\">\n<div class=\"wp-block-column is-layout-flow wp-block-column-is-layout-flow\">\n<div class=\"wp-block-group items-presta is-vertical is-content-justification-center is-layout-flex wp-container-core-group-is-layout-21 wp-block-group-is-layout-flex\">\n<figure class=\"wp-block-image size-large wp-duotone-848c2f-fff-15\"><img loading=\"lazy\" decoding=\"async\" width=\"24\" height=\"24\" src=\"https:\/\/www.camping-canoe.fr\/wp-content\/uploads\/sabanas.svg\" alt=\"\" class=\"wp-image-7940\"\/><\/figure>\n\n\n\n<p class=\"is-style-no-margin\">Bl\u00e4tter<\/p>\n<\/div>\n<\/div>\n<\/div>\n\n\n\n<div class=\"wp-block-columns column-presta is-layout-flex wp-container-core-columns-is-layout-4 wp-block-columns-is-layout-flex\">\n<div class=\"wp-block-column is-layout-flow wp-block-column-is-layout-flow\">\n<div class=\"wp-block-group items-presta is-vertical is-content-justification-center is-layout-flex wp-container-core-group-is-layout-22 wp-block-group-is-layout-flex\">\n<figure class=\"wp-block-image size-large wp-duotone-848c2f-fff-16\"><img loading=\"lazy\" decoding=\"async\" width=\"24\" height=\"24\" src=\"https:\/\/www.camping-canoe.fr\/wp-content\/uploads\/menage.svg\" alt=\"\" class=\"wp-image-7935\"\/><\/figure>\n\n\n\n<p class=\"is-style-no-margin\">Haushalt<\/p>\n<\/div>\n<\/div>\n<\/div>\n<\/div>\n<\/div>\n<\/div>\n<\/div>\n<\/div>\n\n\n\n<div class=\"wp-block-group alignfull animation--init--once animation--top is-layout-flow wp-block-group-is-layout-flow\" style=\"margin-top:60px;margin-bottom:0px\">\n<div class=\"wp-block-group is-layout-constrained wp-block-group-is-layout-constrained\">\n<h2 class=\"wp-block-heading has-text-align-center\"><sup><mark style=\"background-color:rgba(0, 0, 0, 0)\" class=\"has-inline-color has-theme-green-color\">andere Unterk\u00fcnfte<\/mark><\/sup><br><mark style=\"background-color:rgba(0, 0, 0, 0)\" class=\"has-inline-color has-theme-brown-color\">ENTDECKEN SIE UNSERE ANDEREN UNTERK\u00dcNFTE BEIM KANU-CAMPING IN DER AVEYRON <\/mark><\/h2>\n\n\n\n<figure class=\"wp-block-image aligncenter size-large is-style-no-margin wp-duotone-848c2f-fff-17\"><img loading=\"lazy\" decoding=\"async\" width=\"24\" height=\"24\" src=\"https:\/\/www.camping-canoe.fr\/wp-content\/uploads\/ola.svg\" alt=\"\" class=\"wp-image-7945\"\/><\/figure>\n<\/div>\n\n\n<script>var object = [];<\/script>\n<div class=\"wp-block-autres-locations sp-normal animation--init--once animation--top alignfull has-custom-margin\" style=\"margin-top:50px;margin-bottom:10px;\">\n\n\n<div id=\"\" class=\"wp-block-autres-locations sp-normal animation--init--once animation--top alignfull has-custom-margin\" style=\"margin-top:50px;margin-bottom:10px;\">\n\n  \n                                                            <div class=\"slider-container slider-otros-alojamientos\"><div class=\"splide galeria-otros-alojamientos-block_slide_8390\"><div class=\"splide__track\"><div class=\"splide__list\">\n                  \n                                                        <div class=\"splide__slide r\">\n\n                        <a href=\"https:\/\/www.camping-canoe.fr\/de\/unterkuenfte\/2-schlafzimmer-mobilheim-les-burons\/\" class=\"autres-heber-container\">\n\n                            <span aria-hidden=\"true\" class=\"\"><\/span>\n                            <img loading=\"lazy\" decoding=\"async\" width=\"1024\" height=\"683\" src=\"https:\/\/www.camping-canoe.fr\/wp-content\/uploads\/sejourburons-1-1024x683.jpg\" class=\"attachment-gallery-medium size-gallery-medium wp-post-image\" alt=\"\" srcset=\"https:\/\/www.camping-canoe.fr\/wp-content\/uploads\/sejourburons-1-1024x683.jpg 1024w, https:\/\/www.camping-canoe.fr\/wp-content\/uploads\/sejourburons-1-2048x1367.jpg 2048w, https:\/\/www.camping-canoe.fr\/wp-content\/uploads\/sejourburons-1-768x513.jpg 768w, https:\/\/www.camping-canoe.fr\/wp-content\/uploads\/sejourburons-1-1536x1025.jpg 1536w, https:\/\/www.camping-canoe.fr\/wp-content\/uploads\/sejourburons-1-512x342.jpg 512w, https:\/\/www.camping-canoe.fr\/wp-content\/uploads\/sejourburons-1-256x171.jpg 256w\" sizes=\"auto, (max-width: 1024px) 100vw, 1024px\" \/>\n                            <div class=\"autres-heber-content\">\n\n                                <div class=\"titres-heber\">\n\n                                    <h3 class=\"\">2-Schlafzimmer-Mobilheim &#8222;Les Burons&#8220;<\/h3>\n\n                                   <!--  <hr class=\"hr-autres-loc\"> -->\n\n                                <\/div>\n\n                                <!--                                 <div class=\"autres-heber-content-contenu\">\n\n                                    <ul class=\"list-ico-autres-loc\">\n                                                                                                                                <li class=\"\">\n                                                                                                                                                    <img decoding=\"async\" src=\"\" alt=\"\" \/>\n                                                                                                <p class=\"text-icon\"><br><span><\/span><\/p>            \n                                            <\/li>\n                                                                                                                        <\/ul>\n\n                                    <div class=\"wp-block-button\">\n                                        <a class=\"wp-block-button__link wp-element-button text-special\" href=\"https:\/\/www.camping-canoe.fr\/de\/unterkuenfte\/2-schlafzimmer-mobilheim-les-burons\/\">D\u00e9couvrir<\/a>  \n                                    <\/div>\n\n                                <\/div> -->\n                                \n                            <\/div>\n\n                        <\/a>\n\n                    <\/div>\n                    \n                                                        <div class=\"splide__slide r\">\n\n                        <a href=\"https:\/\/www.camping-canoe.fr\/de\/unterkuenfte\/2-schlafzimmer-mobilheim-les-fleurines\/\" class=\"autres-heber-container\">\n\n                            <span aria-hidden=\"true\" class=\"\"><\/span>\n                            <img loading=\"lazy\" decoding=\"async\" width=\"491\" height=\"398\" src=\"https:\/\/www.camping-canoe.fr\/wp-content\/uploads\/sejourfleurines-e1709114670216.jpg\" class=\"attachment-gallery-medium size-gallery-medium wp-post-image\" alt=\"\" srcset=\"https:\/\/www.camping-canoe.fr\/wp-content\/uploads\/sejourfleurines-e1709114670216.jpg 491w, https:\/\/www.camping-canoe.fr\/wp-content\/uploads\/sejourfleurines-e1709114670216-256x208.jpg 256w\" sizes=\"auto, (max-width: 491px) 100vw, 491px\" \/>\n                            <div class=\"autres-heber-content\">\n\n                                <div class=\"titres-heber\">\n\n                                    <h3 class=\"\">2-Schlafzimmer-Mobilheim &#8222;Les Fleurines&#8220;<\/h3>\n\n                                   <!--  <hr class=\"hr-autres-loc\"> -->\n\n                                <\/div>\n\n                                <!--                                 <div class=\"autres-heber-content-contenu\">\n\n                                    <ul class=\"list-ico-autres-loc\">\n                                                                                                                                <li class=\"\">\n                                                                                                                                                    <img decoding=\"async\" src=\"\" alt=\"\" \/>\n                                                                                                <p class=\"text-icon\"><br><span><\/span><\/p>            \n                                            <\/li>\n                                                                                                                        <\/ul>\n\n                                    <div class=\"wp-block-button\">\n                                        <a class=\"wp-block-button__link wp-element-button text-special\" href=\"https:\/\/www.camping-canoe.fr\/de\/unterkuenfte\/2-schlafzimmer-mobilheim-les-fleurines\/\">D\u00e9couvrir<\/a>  \n                                    <\/div>\n\n                                <\/div> -->\n                                \n                            <\/div>\n\n                        <\/a>\n\n                    <\/div>\n                    \n                                                        <div class=\"splide__slide r\">\n\n                        <a href=\"https:\/\/www.camping-canoe.fr\/de\/unterkuenfte\/2-schlafzimmer-mobilheim-les-grands-causses\/\" class=\"autres-heber-container\">\n\n                            <span aria-hidden=\"true\" class=\"\"><\/span>\n                            <img loading=\"lazy\" decoding=\"async\" width=\"1024\" height=\"680\" src=\"https:\/\/www.camping-canoe.fr\/wp-content\/uploads\/mhgrandcausse-1024x680.jpg\" class=\"attachment-gallery-medium size-gallery-medium wp-post-image\" alt=\"\" srcset=\"https:\/\/www.camping-canoe.fr\/wp-content\/uploads\/mhgrandcausse-1024x680.jpg 1024w, https:\/\/www.camping-canoe.fr\/wp-content\/uploads\/mhgrandcausse-2048x1360.jpg 2048w, https:\/\/www.camping-canoe.fr\/wp-content\/uploads\/mhgrandcausse-768x510.jpg 768w, https:\/\/www.camping-canoe.fr\/wp-content\/uploads\/mhgrandcausse-1536x1020.jpg 1536w, https:\/\/www.camping-canoe.fr\/wp-content\/uploads\/mhgrandcausse-512x340.jpg 512w, https:\/\/www.camping-canoe.fr\/wp-content\/uploads\/mhgrandcausse-256x170.jpg 256w\" sizes=\"auto, (max-width: 1024px) 100vw, 1024px\" \/>\n                            <div class=\"autres-heber-content\">\n\n                                <div class=\"titres-heber\">\n\n                                    <h3 class=\"\">2-Schlafzimmer-Mobilheim &#8222;Les Grands Causses&#8220;<\/h3>\n\n                                   <!--  <hr class=\"hr-autres-loc\"> -->\n\n                                <\/div>\n\n                                <!--                                 <div class=\"autres-heber-content-contenu\">\n\n                                    <ul class=\"list-ico-autres-loc\">\n                                                                                                                                <li class=\"\">\n                                                                                                                                                    <img decoding=\"async\" src=\"\" alt=\"\" \/>\n                                                                                                <p class=\"text-icon\"><br><span><\/span><\/p>            \n                                            <\/li>\n                                                                                                                        <\/ul>\n\n                                    <div class=\"wp-block-button\">\n                                        <a class=\"wp-block-button__link wp-element-button text-special\" href=\"https:\/\/www.camping-canoe.fr\/de\/unterkuenfte\/2-schlafzimmer-mobilheim-les-grands-causses\/\">D\u00e9couvrir<\/a>  \n                                    <\/div>\n\n                                <\/div> -->\n                                \n                            <\/div>\n\n                        <\/a>\n\n                    <\/div>\n                    \n                                                        <div class=\"splide__slide r\">\n\n                        <a href=\"https:\/\/www.camping-canoe.fr\/de\/unterkuenfte\/3-schlafzimmer-mobilheim-les-gorges-du-tarn\/\" class=\"autres-heber-container\">\n\n                            <span aria-hidden=\"true\" class=\"\"><\/span>\n                            <img loading=\"lazy\" decoding=\"async\" width=\"1024\" height=\"787\" src=\"https:\/\/www.camping-canoe.fr\/wp-content\/uploads\/gorgesdutarnchambre-enfants-1024x787.jpg\" class=\"attachment-gallery-medium size-gallery-medium wp-post-image\" alt=\"\" srcset=\"https:\/\/www.camping-canoe.fr\/wp-content\/uploads\/gorgesdutarnchambre-enfants-1024x787.jpg 1024w, https:\/\/www.camping-canoe.fr\/wp-content\/uploads\/gorgesdutarnchambre-enfants-2048x1575.jpg 2048w, https:\/\/www.camping-canoe.fr\/wp-content\/uploads\/gorgesdutarnchambre-enfants-768x590.jpg 768w, https:\/\/www.camping-canoe.fr\/wp-content\/uploads\/gorgesdutarnchambre-enfants-1536x1181.jpg 1536w, https:\/\/www.camping-canoe.fr\/wp-content\/uploads\/gorgesdutarnchambre-enfants-512x394.jpg 512w, https:\/\/www.camping-canoe.fr\/wp-content\/uploads\/gorgesdutarnchambre-enfants-256x197.jpg 256w\" sizes=\"auto, (max-width: 1024px) 100vw, 1024px\" \/>\n                            <div class=\"autres-heber-content\">\n\n                                <div class=\"titres-heber\">\n\n                                    <h3 class=\"\">3-Schlafzimmer-Mobilheim &#8222;Les Gorges du Tarn&#8220;<\/h3>\n\n                                   <!--  <hr class=\"hr-autres-loc\"> -->\n\n                                <\/div>\n\n                                <!--                                 <div class=\"autres-heber-content-contenu\">\n\n                                    <ul class=\"list-ico-autres-loc\">\n                                                                                                                                <li class=\"\">\n                                                                                                                                                    <img decoding=\"async\" src=\"\" alt=\"\" \/>\n                                                                                                <p class=\"text-icon\"><br><span><\/span><\/p>            \n                                            <\/li>\n                                                                                                                        <\/ul>\n\n                                    <div class=\"wp-block-button\">\n                                        <a class=\"wp-block-button__link wp-element-button text-special\" href=\"https:\/\/www.camping-canoe.fr\/de\/unterkuenfte\/3-schlafzimmer-mobilheim-les-gorges-du-tarn\/\">D\u00e9couvrir<\/a>  \n                                    <\/div>\n\n                                <\/div> -->\n                                \n                            <\/div>\n\n                        <\/a>\n\n                    <\/div>\n                    \n                                                        <div class=\"splide__slide r\">\n\n                        <a href=\"https:\/\/www.camping-canoe.fr\/de\/ferienhaeuser-und-gaestezimmer\/1-schlafzimmer-ferienhaus\/\" class=\"autres-heber-container\">\n\n                            <span aria-hidden=\"true\" class=\"\"><\/span>\n                            <img loading=\"lazy\" decoding=\"async\" width=\"1024\" height=\"768\" src=\"https:\/\/www.camping-canoe.fr\/wp-content\/uploads\/gite-1-chambre-001.jpg\" class=\"attachment-gallery-medium size-gallery-medium wp-post-image\" alt=\"\" srcset=\"https:\/\/www.camping-canoe.fr\/wp-content\/uploads\/gite-1-chambre-001.jpg 1024w, https:\/\/www.camping-canoe.fr\/wp-content\/uploads\/gite-1-chambre-001-768x576.jpg 768w, https:\/\/www.camping-canoe.fr\/wp-content\/uploads\/gite-1-chambre-001-512x384.jpg 512w, https:\/\/www.camping-canoe.fr\/wp-content\/uploads\/gite-1-chambre-001-256x192.jpg 256w\" sizes=\"auto, (max-width: 1024px) 100vw, 1024px\" \/>\n                            <div class=\"autres-heber-content\">\n\n                                <div class=\"titres-heber\">\n\n                                    <h3 class=\"\">1-Schlafzimmer-Ferienhaus<\/h3>\n\n                                   <!--  <hr class=\"hr-autres-loc\"> -->\n\n                                <\/div>\n\n                                <!--                                 <div class=\"autres-heber-content-contenu\">\n\n                                    <ul class=\"list-ico-autres-loc\">\n                                                                                                                                <li class=\"\">\n                                                                                                                                                    <img decoding=\"async\" src=\"\" alt=\"\" \/>\n                                                                                                <p class=\"text-icon\"><br><span><\/span><\/p>            \n                                            <\/li>\n                                                                                                                        <\/ul>\n\n                                    <div class=\"wp-block-button\">\n                                        <a class=\"wp-block-button__link wp-element-button text-special\" href=\"https:\/\/www.camping-canoe.fr\/de\/ferienhaeuser-und-gaestezimmer\/1-schlafzimmer-ferienhaus\/\">D\u00e9couvrir<\/a>  \n                                    <\/div>\n\n                                <\/div> -->\n                                \n                            <\/div>\n\n                        <\/a>\n\n                    <\/div>\n                    \n                                                        <div class=\"splide__slide r\">\n\n                        <a href=\"https:\/\/www.camping-canoe.fr\/de\/ferienhaeuser-und-gaestezimmer\/2-schlafzimmer-ferienhaus\/\" class=\"autres-heber-container\">\n\n                            <span aria-hidden=\"true\" class=\"\"><\/span>\n                            <img loading=\"lazy\" decoding=\"async\" width=\"1024\" height=\"533\" src=\"https:\/\/www.camping-canoe.fr\/wp-content\/uploads\/gite-2-chambre-top-1024x533.jpg\" class=\"attachment-gallery-medium size-gallery-medium wp-post-image\" alt=\"\" srcset=\"https:\/\/www.camping-canoe.fr\/wp-content\/uploads\/gite-2-chambre-top-1024x533.jpg 1024w, https:\/\/www.camping-canoe.fr\/wp-content\/uploads\/gite-2-chambre-top-768x400.jpg 768w, https:\/\/www.camping-canoe.fr\/wp-content\/uploads\/gite-2-chambre-top-1536x800.jpg 1536w, https:\/\/www.camping-canoe.fr\/wp-content\/uploads\/gite-2-chambre-top-512x267.jpg 512w, https:\/\/www.camping-canoe.fr\/wp-content\/uploads\/gite-2-chambre-top-256x133.jpg 256w, https:\/\/www.camping-canoe.fr\/wp-content\/uploads\/gite-2-chambre-top.jpg 1920w\" sizes=\"auto, (max-width: 1024px) 100vw, 1024px\" \/>\n                            <div class=\"autres-heber-content\">\n\n                                <div class=\"titres-heber\">\n\n                                    <h3 class=\"\">2-Schlafzimmer-Ferienhaus<\/h3>\n\n                                   <!--  <hr class=\"hr-autres-loc\"> -->\n\n                                <\/div>\n\n                                <!--                                 <div class=\"autres-heber-content-contenu\">\n\n                                    <ul class=\"list-ico-autres-loc\">\n                                                                                                                                <li class=\"\">\n                                                                                                                                                    <img decoding=\"async\" src=\"\" alt=\"\" \/>\n                                                                                                <p class=\"text-icon\"><br><span><\/span><\/p>            \n                                            <\/li>\n                                                                                                                        <\/ul>\n\n                                    <div class=\"wp-block-button\">\n                                        <a class=\"wp-block-button__link wp-element-button text-special\" href=\"https:\/\/www.camping-canoe.fr\/de\/ferienhaeuser-und-gaestezimmer\/2-schlafzimmer-ferienhaus\/\">D\u00e9couvrir<\/a>  \n                                    <\/div>\n\n                                <\/div> -->\n                                \n                            <\/div>\n\n                        <\/a>\n\n                    <\/div>\n                    \n                                                        <div class=\"splide__slide r\">\n\n                        <a href=\"https:\/\/www.camping-canoe.fr\/de\/?page_id=9248\" class=\"autres-heber-container\">\n\n                            <span aria-hidden=\"true\" class=\"\"><\/span>\n                            <img loading=\"lazy\" decoding=\"async\" width=\"1024\" height=\"768\" src=\"https:\/\/www.camping-canoe.fr\/wp-content\/uploads\/chambre-hotes-001.jpg\" class=\"attachment-gallery-medium size-gallery-medium wp-post-image\" alt=\"\" srcset=\"https:\/\/www.camping-canoe.fr\/wp-content\/uploads\/chambre-hotes-001.jpg 1024w, https:\/\/www.camping-canoe.fr\/wp-content\/uploads\/chambre-hotes-001-768x576.jpg 768w, https:\/\/www.camping-canoe.fr\/wp-content\/uploads\/chambre-hotes-001-512x384.jpg 512w, https:\/\/www.camping-canoe.fr\/wp-content\/uploads\/chambre-hotes-001-256x192.jpg 256w\" sizes=\"auto, (max-width: 1024px) 100vw, 1024px\" \/>\n                            <div class=\"autres-heber-content\">\n\n                                <div class=\"titres-heber\">\n\n                                    <h3 class=\"\">G\u00e4stezimmer<\/h3>\n\n                                   <!--  <hr class=\"hr-autres-loc\"> -->\n\n                                <\/div>\n\n                                <!--                                 <div class=\"autres-heber-content-contenu\">\n\n                                    <ul class=\"list-ico-autres-loc\">\n                                                                                                                                <li class=\"\">\n                                                                                                                                                    <img decoding=\"async\" src=\"\" alt=\"\" \/>\n                                                                                                <p class=\"text-icon\"><br><span><\/span><\/p>            \n                                            <\/li>\n                                                                                                                        <\/ul>\n\n                                    <div class=\"wp-block-button\">\n                                        <a class=\"wp-block-button__link wp-element-button text-special\" href=\"https:\/\/www.camping-canoe.fr\/de\/?page_id=9248\">D\u00e9couvrir<\/a>  \n                                    <\/div>\n\n                                <\/div> -->\n                                \n                            <\/div>\n\n                        <\/a>\n\n                    <\/div>\n                    \n                                                        <div class=\"splide__slide r\">\n\n                        <a href=\"https:\/\/www.camping-canoe.fr\/de\/stellplaetze\/flussnahen-stellplatz\/\" class=\"autres-heber-container\">\n\n                            <span aria-hidden=\"true\" class=\"\"><\/span>\n                            <img loading=\"lazy\" decoding=\"async\" width=\"1024\" height=\"680\" src=\"https:\/\/www.camping-canoe.fr\/wp-content\/uploads\/borderiviere-1024x680.jpg\" class=\"attachment-gallery-medium size-gallery-medium wp-post-image\" alt=\"\" srcset=\"https:\/\/www.camping-canoe.fr\/wp-content\/uploads\/borderiviere-1024x680.jpg 1024w, https:\/\/www.camping-canoe.fr\/wp-content\/uploads\/borderiviere-768x510.jpg 768w, https:\/\/www.camping-canoe.fr\/wp-content\/uploads\/borderiviere-512x340.jpg 512w, https:\/\/www.camping-canoe.fr\/wp-content\/uploads\/borderiviere-256x170.jpg 256w, https:\/\/www.camping-canoe.fr\/wp-content\/uploads\/borderiviere.jpg 1204w\" sizes=\"auto, (max-width: 1024px) 100vw, 1024px\" \/>\n                            <div class=\"autres-heber-content\">\n\n                                <div class=\"titres-heber\">\n\n                                    <h3 class=\"\">Flussnahen Stellplatz ++<\/h3>\n\n                                   <!--  <hr class=\"hr-autres-loc\"> -->\n\n                                <\/div>\n\n                                <!--                                 <div class=\"autres-heber-content-contenu\">\n\n                                    <ul class=\"list-ico-autres-loc\">\n                                                                                                                                <li class=\"\">\n                                                                                                                                                    <img decoding=\"async\" src=\"\" alt=\"\" \/>\n                                                                                                <p class=\"text-icon\"><br><span><\/span><\/p>            \n                                            <\/li>\n                                                                                                                        <\/ul>\n\n                                    <div class=\"wp-block-button\">\n                                        <a class=\"wp-block-button__link wp-element-button text-special\" href=\"https:\/\/www.camping-canoe.fr\/de\/stellplaetze\/flussnahen-stellplatz\/\">D\u00e9couvrir<\/a>  \n                                    <\/div>\n\n                                <\/div> -->\n                                \n                            <\/div>\n\n                        <\/a>\n\n                    <\/div>\n                    \n                                                        <div class=\"splide__slide r\">\n\n                        <a href=\"https:\/\/www.camping-canoe.fr\/de\/stellplaetze\/flussnahen-stellplatz-2\/\" class=\"autres-heber-container\">\n\n                            <span aria-hidden=\"true\" class=\"\"><\/span>\n                            <img loading=\"lazy\" decoding=\"async\" width=\"1024\" height=\"680\" src=\"https:\/\/www.camping-canoe.fr\/wp-content\/uploads\/borderiviere-1-1024x680.jpg\" class=\"attachment-gallery-medium size-gallery-medium wp-post-image\" alt=\"\" srcset=\"https:\/\/www.camping-canoe.fr\/wp-content\/uploads\/borderiviere-1-1024x680.jpg 1024w, https:\/\/www.camping-canoe.fr\/wp-content\/uploads\/borderiviere-1-2048x1360.jpg 2048w, https:\/\/www.camping-canoe.fr\/wp-content\/uploads\/borderiviere-1-768x510.jpg 768w, https:\/\/www.camping-canoe.fr\/wp-content\/uploads\/borderiviere-1-1536x1020.jpg 1536w, https:\/\/www.camping-canoe.fr\/wp-content\/uploads\/borderiviere-1-512x340.jpg 512w, https:\/\/www.camping-canoe.fr\/wp-content\/uploads\/borderiviere-1-256x170.jpg 256w\" sizes=\"auto, (max-width: 1024px) 100vw, 1024px\" \/>\n                            <div class=\"autres-heber-content\">\n\n                                <div class=\"titres-heber\">\n\n                                    <h3 class=\"\">Flussnahen Stellplatz<\/h3>\n\n                                   <!--  <hr class=\"hr-autres-loc\"> -->\n\n                                <\/div>\n\n                                <!--                                 <div class=\"autres-heber-content-contenu\">\n\n                                    <ul class=\"list-ico-autres-loc\">\n                                                                                                                                <li class=\"\">\n                                                                                                                                                    <img decoding=\"async\" src=\"\" alt=\"\" \/>\n                                                                                                <p class=\"text-icon\"><br><span><\/span><\/p>            \n                                            <\/li>\n                                                                                                                        <\/ul>\n\n                                    <div class=\"wp-block-button\">\n                                        <a class=\"wp-block-button__link wp-element-button text-special\" href=\"https:\/\/www.camping-canoe.fr\/de\/stellplaetze\/flussnahen-stellplatz-2\/\">D\u00e9couvrir<\/a>  \n                                    <\/div>\n\n                                <\/div> -->\n                                \n                            <\/div>\n\n                        <\/a>\n\n                    <\/div>\n                    \n                                                        <div class=\"splide__slide r\">\n\n                        <a href=\"https:\/\/www.camping-canoe.fr\/de\/stellplaetze\/standardstellplatz\/\" class=\"autres-heber-container\">\n\n                            <span aria-hidden=\"true\" class=\"\"><\/span>\n                            <img loading=\"lazy\" decoding=\"async\" width=\"1024\" height=\"533\" src=\"https:\/\/www.camping-canoe.fr\/wp-content\/uploads\/top-emplacements-1024x533.jpg\" class=\"attachment-gallery-medium size-gallery-medium wp-post-image\" alt=\"\" srcset=\"https:\/\/www.camping-canoe.fr\/wp-content\/uploads\/top-emplacements-1024x533.jpg 1024w, https:\/\/www.camping-canoe.fr\/wp-content\/uploads\/top-emplacements-768x400.jpg 768w, https:\/\/www.camping-canoe.fr\/wp-content\/uploads\/top-emplacements-1536x800.jpg 1536w, https:\/\/www.camping-canoe.fr\/wp-content\/uploads\/top-emplacements-512x267.jpg 512w, https:\/\/www.camping-canoe.fr\/wp-content\/uploads\/top-emplacements-256x133.jpg 256w, https:\/\/www.camping-canoe.fr\/wp-content\/uploads\/top-emplacements.jpg 1920w\" sizes=\"auto, (max-width: 1024px) 100vw, 1024px\" \/>\n                            <div class=\"autres-heber-content\">\n\n                                <div class=\"titres-heber\">\n\n                                    <h3 class=\"\">StandardStellplatz<\/h3>\n\n                                   <!--  <hr class=\"hr-autres-loc\"> -->\n\n                                <\/div>\n\n                                <!--                                 <div class=\"autres-heber-content-contenu\">\n\n                                    <ul class=\"list-ico-autres-loc\">\n                                                                                                                                <li class=\"\">\n                                                                                                                                                    <img decoding=\"async\" src=\"\" alt=\"\" \/>\n                                                                                                <p class=\"text-icon\"><br><span><\/span><\/p>            \n                                            <\/li>\n                                                                                                                        <\/ul>\n\n                                    <div class=\"wp-block-button\">\n                                        <a class=\"wp-block-button__link wp-element-button text-special\" href=\"https:\/\/www.camping-canoe.fr\/de\/stellplaetze\/standardstellplatz\/\">D\u00e9couvrir<\/a>  \n                                    <\/div>\n\n                                <\/div> -->\n                                \n                            <\/div>\n\n                        <\/a>\n\n                    <\/div>\n                    \n                            <\/div><\/div><\/div>                <\/div>\n                        \n    \n\n<\/div>\n<\/div>\n\n\n<script>\n    new Splide( '.galeria-otros-alojamientos-block_slide_8390', \n        {\n            perMove: 1,\n            perPage: 5,\n            autoplay: false,\n            type: 'loop',\n            gap: '30px',\n            focus: 'center',\n            pagination: true,\n            arrows: true,\n            breakpoints: {\n                1300: {\n                    perPage: 2,\n                },\n                950: {\n                    perPage: 1,\n                    perMove: 1,\n                },\n            }   \n        } \n        ).mount();\n<\/script>\n<\/div>\n","protected":false},"excerpt":{"rendered":"<p>Varius odio cupiditate aliquam fames ut, varius, nec quasi, eros suscipit fugit do eos excepturi,<\/p>\n","protected":false},"author":5,"featured_media":8985,"parent":9220,"menu_order":3,"comment_status":"closed","ping_status":"closed","template":"","meta":{"_acf_changed":false,"inline_featured_image":false,"ub_ctt_via":"","footnotes":""},"class_list":["post-9232","page","type-page","status-publish","has-post-thumbnail","hentry"],"acf":[],"featured_image_src":"https:\/\/www.camping-canoe.fr\/wp-content\/uploads\/gorgesdutarnchambre-enfants-scaled.jpg","yoast_head":"<!-- This site is optimized with the Yoast SEO plugin v24.0 - https:\/\/yoast.com\/wordpress\/plugins\/seo\/ -->\n<title>Genie\u00dfen Sie Ihren Aufenthalt auf dem Campingplatz Kanu im Mobilheim 6 Pers.<\/title>\n<meta name=\"description\" content=\"Entdecken Sie das Mobilheim f\u00fcr 6 Personen mit 3 Schlafzimmern auf dem Kanu-Campingplatz in den Gorges du Tarn.\" \/>\n<meta name=\"robots\" content=\"index, follow, max-snippet:-1, max-image-preview:large, max-video-preview:-1\" \/>\n<link rel=\"canonical\" href=\"https:\/\/www.camping-canoe.fr\/de\/unterkuenfte\/3-schlafzimmer-mobilheim-les-gorges-du-tarn\/\" \/>\n<meta property=\"og:locale\" content=\"de_DE\" \/>\n<meta property=\"og:type\" content=\"article\" \/>\n<meta property=\"og:title\" content=\"Genie\u00dfen Sie Ihren Aufenthalt auf dem Campingplatz Kanu im Mobilheim 6 Pers.\" \/>\n<meta property=\"og:description\" content=\"Entdecken Sie das Mobilheim f\u00fcr 6 Personen mit 3 Schlafzimmern auf dem Kanu-Campingplatz in den Gorges du Tarn.\" \/>\n<meta property=\"og:url\" content=\"https:\/\/www.camping-canoe.fr\/de\/unterkuenfte\/3-schlafzimmer-mobilheim-les-gorges-du-tarn\/\" \/>\n<meta property=\"og:site_name\" content=\"Camping Cano\u00eb Gorges du Tarn\" \/>\n<meta property=\"article:modified_time\" content=\"2024-04-17T07:53:13+00:00\" \/>\n<meta property=\"og:image\" content=\"https:\/\/www.camping-canoe.fr\/wp-content\/uploads\/gorgesdutarnchambre-enfants-scaled.jpg\" \/>\n\t<meta property=\"og:image:width\" content=\"2560\" \/>\n\t<meta property=\"og:image:height\" content=\"1968\" \/>\n\t<meta property=\"og:image:type\" content=\"image\/jpeg\" \/>\n<meta name=\"twitter:card\" content=\"summary_large_image\" \/>\n<meta name=\"twitter:label1\" content=\"Gesch\u00e4tzte Lesezeit\" \/>\n\t<meta name=\"twitter:data1\" content=\"9\u00a0Minuten\" \/>\n<script type=\"application\/ld+json\" class=\"yoast-schema-graph\">{\"@context\":\"https:\/\/schema.org\",\"@graph\":[{\"@type\":\"WebPage\",\"@id\":\"https:\/\/www.camping-canoe.fr\/de\/unterkuenfte\/3-schlafzimmer-mobilheim-les-gorges-du-tarn\/\",\"url\":\"https:\/\/www.camping-canoe.fr\/de\/unterkuenfte\/3-schlafzimmer-mobilheim-les-gorges-du-tarn\/\",\"name\":\"Genie\u00dfen Sie Ihren Aufenthalt auf dem Campingplatz Kanu im Mobilheim 6 Pers.\",\"isPartOf\":{\"@id\":\"https:\/\/www.camping-canoe.fr\/de\/#website\"},\"primaryImageOfPage\":{\"@id\":\"https:\/\/www.camping-canoe.fr\/de\/unterkuenfte\/3-schlafzimmer-mobilheim-les-gorges-du-tarn\/#primaryimage\"},\"image\":{\"@id\":\"https:\/\/www.camping-canoe.fr\/de\/unterkuenfte\/3-schlafzimmer-mobilheim-les-gorges-du-tarn\/#primaryimage\"},\"thumbnailUrl\":\"https:\/\/www.camping-canoe.fr\/wp-content\/uploads\/gorgesdutarnchambre-enfants-scaled.jpg\",\"datePublished\":\"2023-05-29T07:29:05+00:00\",\"dateModified\":\"2024-04-17T07:53:13+00:00\",\"description\":\"Entdecken Sie das Mobilheim f\u00fcr 6 Personen mit 3 Schlafzimmern auf dem Kanu-Campingplatz in den Gorges du Tarn.\",\"breadcrumb\":{\"@id\":\"https:\/\/www.camping-canoe.fr\/de\/unterkuenfte\/3-schlafzimmer-mobilheim-les-gorges-du-tarn\/#breadcrumb\"},\"inLanguage\":\"de\",\"potentialAction\":[{\"@type\":\"ReadAction\",\"target\":[\"https:\/\/www.camping-canoe.fr\/de\/unterkuenfte\/3-schlafzimmer-mobilheim-les-gorges-du-tarn\/\"]}]},{\"@type\":\"ImageObject\",\"inLanguage\":\"de\",\"@id\":\"https:\/\/www.camping-canoe.fr\/de\/unterkuenfte\/3-schlafzimmer-mobilheim-les-gorges-du-tarn\/#primaryimage\",\"url\":\"https:\/\/www.camping-canoe.fr\/wp-content\/uploads\/gorgesdutarnchambre-enfants-scaled.jpg\",\"contentUrl\":\"https:\/\/www.camping-canoe.fr\/wp-content\/uploads\/gorgesdutarnchambre-enfants-scaled.jpg\",\"width\":2560,\"height\":1968},{\"@type\":\"BreadcrumbList\",\"@id\":\"https:\/\/www.camping-canoe.fr\/de\/unterkuenfte\/3-schlafzimmer-mobilheim-les-gorges-du-tarn\/#breadcrumb\",\"itemListElement\":[{\"@type\":\"ListItem\",\"position\":1,\"name\":\"Startseite\",\"item\":\"https:\/\/www.camping-canoe.fr\/de\/\"},{\"@type\":\"ListItem\",\"position\":2,\"name\":\"Unterk\u00fcnfte\",\"item\":\"https:\/\/www.camping-canoe.fr\/de\/unterkuenfte\/\"},{\"@type\":\"ListItem\",\"position\":3,\"name\":\"3-Schlafzimmer-Mobilheim \u00ab\u00a0Les Gorges du Tarn\u00a0\u00bb\"}]},{\"@type\":\"WebSite\",\"@id\":\"https:\/\/www.camping-canoe.fr\/de\/#website\",\"url\":\"https:\/\/www.camping-canoe.fr\/de\/\",\"name\":\"Camping Cano\u00eb Gorges du Tarn\",\"description\":\"\",\"publisher\":{\"@id\":\"https:\/\/www.camping-canoe.fr\/de\/#organization\"},\"potentialAction\":[{\"@type\":\"SearchAction\",\"target\":{\"@type\":\"EntryPoint\",\"urlTemplate\":\"https:\/\/www.camping-canoe.fr\/de\/?s={search_term_string}\"},\"query-input\":{\"@type\":\"PropertyValueSpecification\",\"valueRequired\":true,\"valueName\":\"search_term_string\"}}],\"inLanguage\":\"de\"},{\"@type\":\"Organization\",\"@id\":\"https:\/\/www.camping-canoe.fr\/de\/#organization\",\"name\":\"Camping Cano\u00eb Gorges du Tarn\",\"url\":\"https:\/\/www.camping-canoe.fr\/de\/\",\"logo\":{\"@type\":\"ImageObject\",\"inLanguage\":\"de\",\"@id\":\"https:\/\/www.camping-canoe.fr\/de\/#\/schema\/logo\/image\/\",\"url\":\"https:\/\/www.camping-canoe.fr\/wp-content\/uploads\/logo-gorges-du-tarn.png\",\"contentUrl\":\"https:\/\/www.camping-canoe.fr\/wp-content\/uploads\/logo-gorges-du-tarn.png\",\"width\":397,\"height\":142,\"caption\":\"Camping Cano\u00eb Gorges du Tarn\"},\"image\":{\"@id\":\"https:\/\/www.camping-canoe.fr\/de\/#\/schema\/logo\/image\/\"}}]}<\/script>\n<!-- \/ Yoast SEO plugin. -->","yoast_head_json":{"title":"Genie\u00dfen Sie Ihren Aufenthalt auf dem Campingplatz Kanu im Mobilheim 6 Pers.","description":"Entdecken Sie das Mobilheim f\u00fcr 6 Personen mit 3 Schlafzimmern auf dem Kanu-Campingplatz in den Gorges du Tarn.","robots":{"index":"index","follow":"follow","max-snippet":"max-snippet:-1","max-image-preview":"max-image-preview:large","max-video-preview":"max-video-preview:-1"},"canonical":"https:\/\/www.camping-canoe.fr\/de\/unterkuenfte\/3-schlafzimmer-mobilheim-les-gorges-du-tarn\/","og_locale":"de_DE","og_type":"article","og_title":"Genie\u00dfen Sie Ihren Aufenthalt auf dem Campingplatz Kanu im Mobilheim 6 Pers.","og_description":"Entdecken Sie das Mobilheim f\u00fcr 6 Personen mit 3 Schlafzimmern auf dem Kanu-Campingplatz in den Gorges du Tarn.","og_url":"https:\/\/www.camping-canoe.fr\/de\/unterkuenfte\/3-schlafzimmer-mobilheim-les-gorges-du-tarn\/","og_site_name":"Camping Cano\u00eb Gorges du Tarn","article_modified_time":"2024-04-17T07:53:13+00:00","og_image":[{"width":2560,"height":1968,"url":"https:\/\/www.camping-canoe.fr\/wp-content\/uploads\/gorgesdutarnchambre-enfants-scaled.jpg","type":"image\/jpeg"}],"twitter_card":"summary_large_image","twitter_misc":{"Gesch\u00e4tzte Lesezeit":"9\u00a0Minuten"},"schema":{"@context":"https:\/\/schema.org","@graph":[{"@type":"WebPage","@id":"https:\/\/www.camping-canoe.fr\/de\/unterkuenfte\/3-schlafzimmer-mobilheim-les-gorges-du-tarn\/","url":"https:\/\/www.camping-canoe.fr\/de\/unterkuenfte\/3-schlafzimmer-mobilheim-les-gorges-du-tarn\/","name":"Genie\u00dfen Sie Ihren Aufenthalt auf dem Campingplatz Kanu im Mobilheim 6 Pers.","isPartOf":{"@id":"https:\/\/www.camping-canoe.fr\/de\/#website"},"primaryImageOfPage":{"@id":"https:\/\/www.camping-canoe.fr\/de\/unterkuenfte\/3-schlafzimmer-mobilheim-les-gorges-du-tarn\/#primaryimage"},"image":{"@id":"https:\/\/www.camping-canoe.fr\/de\/unterkuenfte\/3-schlafzimmer-mobilheim-les-gorges-du-tarn\/#primaryimage"},"thumbnailUrl":"https:\/\/www.camping-canoe.fr\/wp-content\/uploads\/gorgesdutarnchambre-enfants-scaled.jpg","datePublished":"2023-05-29T07:29:05+00:00","dateModified":"2024-04-17T07:53:13+00:00","description":"Entdecken Sie das Mobilheim f\u00fcr 6 Personen mit 3 Schlafzimmern auf dem Kanu-Campingplatz in den Gorges du Tarn.","breadcrumb":{"@id":"https:\/\/www.camping-canoe.fr\/de\/unterkuenfte\/3-schlafzimmer-mobilheim-les-gorges-du-tarn\/#breadcrumb"},"inLanguage":"de","potentialAction":[{"@type":"ReadAction","target":["https:\/\/www.camping-canoe.fr\/de\/unterkuenfte\/3-schlafzimmer-mobilheim-les-gorges-du-tarn\/"]}]},{"@type":"ImageObject","inLanguage":"de","@id":"https:\/\/www.camping-canoe.fr\/de\/unterkuenfte\/3-schlafzimmer-mobilheim-les-gorges-du-tarn\/#primaryimage","url":"https:\/\/www.camping-canoe.fr\/wp-content\/uploads\/gorgesdutarnchambre-enfants-scaled.jpg","contentUrl":"https:\/\/www.camping-canoe.fr\/wp-content\/uploads\/gorgesdutarnchambre-enfants-scaled.jpg","width":2560,"height":1968},{"@type":"BreadcrumbList","@id":"https:\/\/www.camping-canoe.fr\/de\/unterkuenfte\/3-schlafzimmer-mobilheim-les-gorges-du-tarn\/#breadcrumb","itemListElement":[{"@type":"ListItem","position":1,"name":"Startseite","item":"https:\/\/www.camping-canoe.fr\/de\/"},{"@type":"ListItem","position":2,"name":"Unterk\u00fcnfte","item":"https:\/\/www.camping-canoe.fr\/de\/unterkuenfte\/"},{"@type":"ListItem","position":3,"name":"3-Schlafzimmer-Mobilheim \u00ab\u00a0Les Gorges du Tarn\u00a0\u00bb"}]},{"@type":"WebSite","@id":"https:\/\/www.camping-canoe.fr\/de\/#website","url":"https:\/\/www.camping-canoe.fr\/de\/","name":"Camping Cano\u00eb Gorges du Tarn","description":"","publisher":{"@id":"https:\/\/www.camping-canoe.fr\/de\/#organization"},"potentialAction":[{"@type":"SearchAction","target":{"@type":"EntryPoint","urlTemplate":"https:\/\/www.camping-canoe.fr\/de\/?s={search_term_string}"},"query-input":{"@type":"PropertyValueSpecification","valueRequired":true,"valueName":"search_term_string"}}],"inLanguage":"de"},{"@type":"Organization","@id":"https:\/\/www.camping-canoe.fr\/de\/#organization","name":"Camping Cano\u00eb Gorges du Tarn","url":"https:\/\/www.camping-canoe.fr\/de\/","logo":{"@type":"ImageObject","inLanguage":"de","@id":"https:\/\/www.camping-canoe.fr\/de\/#\/schema\/logo\/image\/","url":"https:\/\/www.camping-canoe.fr\/wp-content\/uploads\/logo-gorges-du-tarn.png","contentUrl":"https:\/\/www.camping-canoe.fr\/wp-content\/uploads\/logo-gorges-du-tarn.png","width":397,"height":142,"caption":"Camping Cano\u00eb Gorges du Tarn"},"image":{"@id":"https:\/\/www.camping-canoe.fr\/de\/#\/schema\/logo\/image\/"}}]}},"_links":{"self":[{"href":"https:\/\/www.camping-canoe.fr\/de\/wp-json\/wp\/v2\/pages\/9232","targetHints":{"allow":["GET"]}}],"collection":[{"href":"https:\/\/www.camping-canoe.fr\/de\/wp-json\/wp\/v2\/pages"}],"about":[{"href":"https:\/\/www.camping-canoe.fr\/de\/wp-json\/wp\/v2\/types\/page"}],"author":[{"embeddable":true,"href":"https:\/\/www.camping-canoe.fr\/de\/wp-json\/wp\/v2\/users\/5"}],"replies":[{"embeddable":true,"href":"https:\/\/www.camping-canoe.fr\/de\/wp-json\/wp\/v2\/comments?post=9232"}],"version-history":[{"count":7,"href":"https:\/\/www.camping-canoe.fr\/de\/wp-json\/wp\/v2\/pages\/9232\/revisions"}],"predecessor-version":[{"id":10196,"href":"https:\/\/www.camping-canoe.fr\/de\/wp-json\/wp\/v2\/pages\/9232\/revisions\/10196"}],"up":[{"embeddable":true,"href":"https:\/\/www.camping-canoe.fr\/de\/wp-json\/wp\/v2\/pages\/9220"}],"wp:featuredmedia":[{"embeddable":true,"href":"https:\/\/www.camping-canoe.fr\/de\/wp-json\/wp\/v2\/media\/8985"}],"wp:attachment":[{"href":"https:\/\/www.camping-canoe.fr\/de\/wp-json\/wp\/v2\/media?parent=9232"}],"curies":[{"name":"wp","href":"https:\/\/api.w.org\/{rel}","templated":true}]}}